{"id":41,"date":"2020-09-25T16:25:40","date_gmt":"2020-09-25T14:25:40","guid":{"rendered":"http:\/\/descrisdesvilles.org\/?page_id=41"},"modified":"2024-11-06T11:55:05","modified_gmt":"2024-11-06T10:55:05","slug":"lesbobinesdelavilles","status":"publish","type":"page","link":"https:\/\/descrisdesvilles.org\/index.php\/lesbobinesdelavilles\/","title":{"rendered":"Les Bobines de la villes"},"content":{"rendered":"\t\t<div data-elementor-type=\"wp-page\" data-elementor-id=\"41\" class=\"elementor elementor-41\" data-elementor-settings=\"[]\">\n\t\t\t\t\t\t<div class=\"elementor-inner\">\n\t\t\t\t\t\t\t<div class=\"elementor-section-wrap\">\n\t\t\t\t\t\t\t<section class=\"elementor-section elementor-top-section elementor-element elementor-element-ad2d483 elementor-section-boxed elementor-section-height-default elementor-section-height-default\" data-id=\"ad2d483\" data-element_type=\"section\">\n\t\t\t\t\t\t<div class=\"elementor-container elementor-column-gap-default\">\n\t\t\t\t\t\t\t<div class=\"elementor-row\">\n\t\t\t\t\t<div class=\"elementor-column elementor-col-100 elementor-top-column elementor-element elementor-element-e2e8aa9\" data-id=\"e2e8aa9\" data-element_type=\"column\">\n\t\t\t<div class=\"elementor-column-wrap elementor-element-populated\">\n\t\t\t\t\t\t\t<div class=\"elementor-widget-wrap\">\n\t\t\t\t\t\t<div class=\"elementor-element elementor-element-bc06a2a elementor-widget elementor-widget-heading\" data-id=\"bc06a2a\" data-element_type=\"widget\" data-widget_type=\"heading.default\">\n\t\t\t\t<div class=\"elementor-widget-container\">\n\t\t\t<h1 class=\"elementor-heading-title elementor-size-default\">Les bobines de la ville<\/h1>\t\t<\/div>\n\t\t\t\t<\/div>\n\t\t\t\t<div class=\"elementor-element elementor-element-9add2f2 elementor-widget elementor-widget-text-editor\" data-id=\"9add2f2\" data-element_type=\"widget\" data-widget_type=\"text-editor.default\">\n\t\t\t\t<div class=\"elementor-widget-container\">\n\t\t\t\t\t<div class=\"elementor-text-editor elementor-clearfix\"><p><b>Les bobines de la ville ce sont des courts-m\u00e9trages p\u00e9dagogiques autour de probl\u00e9matiques urbaines cr\u00e9\u00e9s avec des habitant.e.s des 19e et 20e arrondissements parisiens. Au cours de la r\u00e9alisation de ces projets, les participant.es rencontrent et recueillent la parole des habitant.es du quartier, s\u2019expriment sur le sujet, en apportant leurs exp\u00e9riences personnelles et leurs ressentis. Un second aspect du projet est de permettre aux participant.e.s de se former sur les outils num\u00e9riques : prise de vue (cam\u00e9ra, appareil photo) et de son (micro, enregistreur).<\/b><\/p><p><b>Ces courts-m\u00e9trages sont disponibles en libre acc\u00e8s sur la<a href=\"https:\/\/www.youtube.com\/@lesbobinesdelaville512\" target=\"_blank\" rel=\"noopener\"> page youtube<\/a> du projet afin de permettre \u00e0 tout le monde de pouvoir s\u2019en servir. Des temps de projection-d\u00e9bat sont \u00e9galement organis\u00e9s par l&#8217;association. Sept films sont d\u2019ores et d\u00e9j\u00e0 en ligne sur les th\u00e9matiques suivantes : formes urbaines, fonctions urbaines, d\u00e9mocratie repr\u00e9sentative, l\u2019habitat, les in\u00e9galit\u00e9s de genre dans l\u2019espace public, les in\u00e9galit\u00e9s raciales dans l\u2019espace public et la question des assises dans la ville. <br \/><\/b><\/p><\/div>\n\t\t\t\t<\/div>\n\t\t\t\t<\/div>\n\t\t\t\t\t\t<\/div>\n\t\t\t\t\t<\/div>\n\t\t<\/div>\n\t\t\t\t\t\t\t\t<\/div>\n\t\t\t\t\t<\/div>\n\t\t<\/section>\n\t\t\t\t<section class=\"elementor-section elementor-top-section elementor-element elementor-element-d7d73b5 elementor-section-boxed elementor-section-height-default elementor-section-height-default\" data-id=\"d7d73b5\" data-element_type=\"section\">\n\t\t\t\t\t\t<div class=\"elementor-container elementor-column-gap-default\">\n\t\t\t\t\t\t\t<div class=\"elementor-row\">\n\t\t\t\t\t<div class=\"elementor-column elementor-col-50 elementor-top-column elementor-element elementor-element-e56bce4\" data-id=\"e56bce4\" data-element_type=\"column\">\n\t\t\t<div class=\"elementor-column-wrap elementor-element-populated\">\n\t\t\t\t\t\t\t<div class=\"elementor-widget-wrap\">\n\t\t\t\t\t\t<div class=\"elementor-element elementor-element-5c8ae1f elementor-widget elementor-widget-heading\" data-id=\"5c8ae1f\" data-element_type=\"widget\" data-widget_type=\"heading.default\">\n\t\t\t\t<div class=\"elementor-widget-container\">\n\t\t\t<h2 class=\"elementor-heading-title elementor-size-default\"><h3 data-elementor-setting-key=\"title\" data-pen-placeholder=\"\u00c9crivez ici...\" style=\"font-variant-ligatures: normal; font-variant-caps: normal; font-family: Roboto, sans-serif; font-weight: bold; color: rgb(255, 99, 63);\">Les bobines de la ville #7 - Ville hostile, ville acceuillante - retour sur le projet Assise<\/h3><\/h2>\t\t<\/div>\n\t\t\t\t<\/div>\n\t\t\t\t<div class=\"elementor-element elementor-element-568c156 elementor-widget elementor-widget-text-editor\" data-id=\"568c156\" data-element_type=\"widget\" data-widget_type=\"text-editor.default\">\n\t\t\t\t<div class=\"elementor-widget-container\">\n\t\t\t\t\t<div class=\"elementor-text-editor elementor-clearfix\"><p>Dans ce court m\u00e9trage nous abordons la question du mobilier urbain inclusif ou d\u00e9fensif au travers un retour en image et en son sur les diff\u00e9rentes cr\u00e9ations r\u00e9alis\u00e9es lors du projet Assise avec l\u2019association La Cloche et l\u2019agence d\u2019architecture Studar\u00e9.<\/p><p>Au travers un reportage r\u00e9alis\u00e9 par les enfants du centre de loisirs des Amandiers (Paris 20) vous d\u00e9couvrirez que nos villes sont de plus en plus construites de mani\u00e8re \u00e0 exclure les personnes de l\u2019espace public. Avant de d\u00e9couvrir comment au sein du projet Assise nous avons cherch\u00e9 \u00e0 lutter contre le d\u00e9ploiement d\u2019un mobilier urbain d\u00e9fensif au profit de mobiliers urbains inclusifs.<\/p><\/div>\n\t\t\t\t<\/div>\n\t\t\t\t<\/div>\n\t\t\t\t\t\t<\/div>\n\t\t\t\t\t<\/div>\n\t\t<\/div>\n\t\t\t\t<div class=\"elementor-column elementor-col-50 elementor-top-column elementor-element elementor-element-b2b5c7d\" data-id=\"b2b5c7d\" data-element_type=\"column\">\n\t\t\t<div class=\"elementor-column-wrap elementor-element-populated\">\n\t\t\t\t\t\t\t<div class=\"elementor-widget-wrap\">\n\t\t\t\t\t\t<div class=\"elementor-element elementor-element-3e32f48 elementor-widget elementor-widget-spacer\" data-id=\"3e32f48\" data-element_type=\"widget\" data-widget_type=\"spacer.default\">\n\t\t\t\t<div class=\"elementor-widget-container\">\n\t\t\t\t\t<div class=\"elementor-spacer\">\n\t\t\t<div class=\"elementor-spacer-inner\"><\/div>\n\t\t<\/div>\n\t\t\t\t<\/div>\n\t\t\t\t<\/div>\n\t\t\t\t<div class=\"elementor-element elementor-element-0fb4968 elementor-aspect-ratio-169 elementor-widget elementor-widget-video\" data-id=\"0fb4968\" data-element_type=\"widget\" data-settings=\"{&quot;aspect_ratio&quot;:&quot;169&quot;}\" data-widget_type=\"video.default\">\n\t\t\t\t<div class=\"elementor-widget-container\">\n\t\t\t\t\t<div class=\"elementor-wrapper elementor-fit-aspect-ratio elementor-open-inline\">\n\t\t\t<iframe class=\"elementor-video-iframe\" allowfullscreen title=\"youtube Video Player\" src=\"https:\/\/www.youtube.com\/embed\/KZ2zvS79dVc?feature=oembed&amp;start&amp;end&amp;wmode=opaque&amp;loop=0&amp;controls=1&amp;mute=0&amp;rel=0&amp;modestbranding=0\"><\/iframe>\t\t<\/div>\n\t\t\t\t<\/div>\n\t\t\t\t<\/div>\n\t\t\t\t\t\t<\/div>\n\t\t\t\t\t<\/div>\n\t\t<\/div>\n\t\t\t\t\t\t\t\t<\/div>\n\t\t\t\t\t<\/div>\n\t\t<\/section>\n\t\t\t\t<section class=\"elementor-section elementor-top-section elementor-element elementor-element-e72c97c elementor-section-boxed elementor-section-height-default elementor-section-height-default\" data-id=\"e72c97c\" data-element_type=\"section\">\n\t\t\t\t\t\t<div class=\"elementor-container elementor-column-gap-default\">\n\t\t\t\t\t\t\t<div class=\"elementor-row\">\n\t\t\t\t\t<div class=\"elementor-column elementor-col-50 elementor-top-column elementor-element elementor-element-add1b55\" data-id=\"add1b55\" data-element_type=\"column\">\n\t\t\t<div class=\"elementor-column-wrap elementor-element-populated\">\n\t\t\t\t\t\t\t<div class=\"elementor-widget-wrap\">\n\t\t\t\t\t\t<div class=\"elementor-element elementor-element-2d38174 elementor-widget elementor-widget-heading\" data-id=\"2d38174\" data-element_type=\"widget\" data-widget_type=\"heading.default\">\n\t\t\t\t<div class=\"elementor-widget-container\">\n\t\t\t<h2 class=\"elementor-heading-title elementor-size-default\"><h3 data-elementor-setting-key=\"title\" data-pen-placeholder=\"\u00c9crivez ici...\" style=\"font-variant-ligatures: normal; font-variant-caps: normal; font-family: Roboto, sans-serif; font-weight: bold; color: rgb(255, 99, 63);\">Les bobines de la ville #6 - In\u00e9galit\u00e9s raciales et histoires coloniales dans l\u2019espace public<\/h3><\/h2>\t\t<\/div>\n\t\t\t\t<\/div>\n\t\t\t\t<div class=\"elementor-element elementor-element-2df0f16 elementor-widget elementor-widget-text-editor\" data-id=\"2df0f16\" data-element_type=\"widget\" data-widget_type=\"text-editor.default\">\n\t\t\t\t<div class=\"elementor-widget-container\">\n\t\t\t\t\t<div class=\"elementor-text-editor elementor-clearfix\"><p>Des ateliers avec des adultes du groupe ASL et des jeunes de la Maison du Bas Belleville (20e) et du centre social et culturel Danube (19e) ont eu lieu pour permettre la cr\u00e9ation du 6e court-m\u00e9trage des Bobines sur les in\u00e9galit\u00e9s raciales et l\u2019histoire coloniale dans la ville.<\/p><p>Le film a ensuite pu \u00eatre mont\u00e9 et est maintenant diffus\u00e9 en ligne et a pu \u00eatre projet\u00e9 dans diff\u00e9rents lieux du quartier avec les jeunes qui ont pris part \u00e0 sa r\u00e9alisation, dans diff\u00e9rents lieux comme le centre social Danube (19e), l\u2019\u00e9picerie et caf\u00e9 associatif Bokawa (19e).<\/p><\/div>\n\t\t\t\t<\/div>\n\t\t\t\t<\/div>\n\t\t\t\t\t\t<\/div>\n\t\t\t\t\t<\/div>\n\t\t<\/div>\n\t\t\t\t<div class=\"elementor-column elementor-col-50 elementor-top-column elementor-element elementor-element-a4b120c\" data-id=\"a4b120c\" data-element_type=\"column\">\n\t\t\t<div class=\"elementor-column-wrap elementor-element-populated\">\n\t\t\t\t\t\t\t<div class=\"elementor-widget-wrap\">\n\t\t\t\t\t\t<div class=\"elementor-element elementor-element-c0fc49c elementor-widget elementor-widget-spacer\" data-id=\"c0fc49c\" data-element_type=\"widget\" data-widget_type=\"spacer.default\">\n\t\t\t\t<div class=\"elementor-widget-container\">\n\t\t\t\t\t<div class=\"elementor-spacer\">\n\t\t\t<div class=\"elementor-spacer-inner\"><\/div>\n\t\t<\/div>\n\t\t\t\t<\/div>\n\t\t\t\t<\/div>\n\t\t\t\t<div class=\"elementor-element elementor-element-bf28a4a elementor-aspect-ratio-169 elementor-widget elementor-widget-video\" data-id=\"bf28a4a\" data-element_type=\"widget\" data-settings=\"{&quot;aspect_ratio&quot;:&quot;169&quot;}\" data-widget_type=\"video.default\">\n\t\t\t\t<div class=\"elementor-widget-container\">\n\t\t\t\t\t<div class=\"elementor-wrapper elementor-fit-aspect-ratio elementor-open-inline\">\n\t\t\t<iframe class=\"elementor-video-iframe\" allowfullscreen title=\"youtube Video Player\" src=\"https:\/\/www.youtube.com\/embed\/Sjj_M7RXIdk?feature=oembed&amp;start&amp;end&amp;wmode=opaque&amp;loop=0&amp;controls=1&amp;mute=0&amp;rel=0&amp;modestbranding=0\"><\/iframe>\t\t<\/div>\n\t\t\t\t<\/div>\n\t\t\t\t<\/div>\n\t\t\t\t\t\t<\/div>\n\t\t\t\t\t<\/div>\n\t\t<\/div>\n\t\t\t\t\t\t\t\t<\/div>\n\t\t\t\t\t<\/div>\n\t\t<\/section>\n\t\t\t\t<section class=\"elementor-section elementor-top-section elementor-element elementor-element-37361ca elementor-section-boxed elementor-section-height-default elementor-section-height-default\" data-id=\"37361ca\" data-element_type=\"section\">\n\t\t\t\t\t\t<div class=\"elementor-container elementor-column-gap-default\">\n\t\t\t\t\t\t\t<div class=\"elementor-row\">\n\t\t\t\t\t<div class=\"elementor-column elementor-col-50 elementor-top-column elementor-element elementor-element-fbcb02b\" data-id=\"fbcb02b\" data-element_type=\"column\">\n\t\t\t<div class=\"elementor-column-wrap elementor-element-populated\">\n\t\t\t\t\t\t\t<div class=\"elementor-widget-wrap\">\n\t\t\t\t\t\t<div class=\"elementor-element elementor-element-783eb76 elementor-widget elementor-widget-heading\" data-id=\"783eb76\" data-element_type=\"widget\" data-widget_type=\"heading.default\">\n\t\t\t\t<div class=\"elementor-widget-container\">\n\t\t\t<h2 class=\"elementor-heading-title elementor-size-default\"><h3 data-elementor-setting-key=\"title\" data-pen-placeholder=\"\u00c9crivez ici...\" style=\"font-variant-ligatures: normal; font-variant-caps: normal; font-family: Roboto, sans-serif; font-weight: bold; color: rgb(255, 99, 63);\">Les bobines de la ville #5 - Des villes, des genres, des in\u00e9galit\u00e9s <\/h3><\/h2>\t\t<\/div>\n\t\t\t\t<\/div>\n\t\t\t\t<div class=\"elementor-element elementor-element-10b28c9 elementor-widget elementor-widget-text-editor\" data-id=\"10b28c9\" data-element_type=\"widget\" data-widget_type=\"text-editor.default\">\n\t\t\t\t<div class=\"elementor-widget-container\">\n\t\t\t\t\t<div class=\"elementor-text-editor elementor-clearfix\"><div style=\"text-align: justify;\"><span style=\"font-family: Roboto, sans-serif; font-size: 14px; font-style: normal; font-variant-ligatures: normal; font-variant-caps: normal; font-weight: 400; text-align: justify;\">A l&#8217;automne 2021 nous avons organis\u00e9 un stage de r\u00e9alisation vid\u00e9o en non-mixit\u00e9\u00a0 avec un groupe de jeunes filles du quartier des Amandiers (Paris 20e) sur la th\u00e9matique du genre dans l&#8217;espace public.\n<\/span><\/div>\n<div style=\"text-align: left;\"><span style=\"font-family: Roboto, sans-serif; font-size: 14px; font-style: normal; font-variant-ligatures: normal; font-variant-caps: normal; font-weight: 400; text-align: justify;\">\u00a0<\/span><\/div>\n<div style=\"text-align: justify;\">Dans ce court-m\u00e9trage nous avons souhait\u00e9 questionner l\u2019influence du genre\u00a0 dans l\u2019espace public. Sommes-nous toutes et tous \u00e9ga.les.ux dans l\u2019espace public ? Existe-t-il des espaces majoritairement appropri\u00e9s par un genre en particulier ? Mais aussi, quelles solutions peut-on mettre en place pour favoriser une appropriation et une pratique des espaces publics \u00e9galitaire ?<\/div><\/div>\n\t\t\t\t<\/div>\n\t\t\t\t<\/div>\n\t\t\t\t\t\t<\/div>\n\t\t\t\t\t<\/div>\n\t\t<\/div>\n\t\t\t\t<div class=\"elementor-column elementor-col-50 elementor-top-column elementor-element elementor-element-c54fd38\" data-id=\"c54fd38\" data-element_type=\"column\">\n\t\t\t<div class=\"elementor-column-wrap elementor-element-populated\">\n\t\t\t\t\t\t\t<div class=\"elementor-widget-wrap\">\n\t\t\t\t\t\t<div class=\"elementor-element elementor-element-00f6783 elementor-widget elementor-widget-spacer\" data-id=\"00f6783\" data-element_type=\"widget\" data-widget_type=\"spacer.default\">\n\t\t\t\t<div class=\"elementor-widget-container\">\n\t\t\t\t\t<div class=\"elementor-spacer\">\n\t\t\t<div class=\"elementor-spacer-inner\"><\/div>\n\t\t<\/div>\n\t\t\t\t<\/div>\n\t\t\t\t<\/div>\n\t\t\t\t<div class=\"elementor-element elementor-element-7363207 elementor-aspect-ratio-169 elementor-widget elementor-widget-video\" data-id=\"7363207\" data-element_type=\"widget\" data-settings=\"{&quot;aspect_ratio&quot;:&quot;169&quot;}\" data-widget_type=\"video.default\">\n\t\t\t\t<div class=\"elementor-widget-container\">\n\t\t\t\t\t<div class=\"elementor-wrapper elementor-fit-aspect-ratio elementor-open-inline\">\n\t\t\t<iframe class=\"elementor-video-iframe\" allowfullscreen title=\"youtube Video Player\" src=\"https:\/\/www.youtube.com\/embed\/fKaquuKTw0U?feature=oembed&amp;start&amp;end&amp;wmode=opaque&amp;loop=0&amp;controls=1&amp;mute=0&amp;rel=0&amp;modestbranding=0\"><\/iframe>\t\t<\/div>\n\t\t\t\t<\/div>\n\t\t\t\t<\/div>\n\t\t\t\t\t\t<\/div>\n\t\t\t\t\t<\/div>\n\t\t<\/div>\n\t\t\t\t\t\t\t\t<\/div>\n\t\t\t\t\t<\/div>\n\t\t<\/section>\n\t\t\t\t<section class=\"elementor-section elementor-top-section elementor-element elementor-element-7c3e5e5 elementor-section-boxed elementor-section-height-default elementor-section-height-default\" data-id=\"7c3e5e5\" data-element_type=\"section\">\n\t\t\t\t\t\t<div class=\"elementor-container elementor-column-gap-default\">\n\t\t\t\t\t\t\t<div class=\"elementor-row\">\n\t\t\t\t\t<div class=\"elementor-column elementor-col-50 elementor-top-column elementor-element elementor-element-9a5bca8\" data-id=\"9a5bca8\" data-element_type=\"column\">\n\t\t\t<div class=\"elementor-column-wrap elementor-element-populated\">\n\t\t\t\t\t\t\t<div class=\"elementor-widget-wrap\">\n\t\t\t\t\t\t<div class=\"elementor-element elementor-element-37f5cee elementor-widget elementor-widget-heading\" data-id=\"37f5cee\" data-element_type=\"widget\" data-widget_type=\"heading.default\">\n\t\t\t\t<div class=\"elementor-widget-container\">\n\t\t\t<h2 class=\"elementor-heading-title elementor-size-default\"><h3 data-elementor-setting-key=\"title\" data-pen-placeholder=\"\u00c9crivez ici...\" style=\"font-variant-ligatures: normal; font-variant-caps: normal; font-family: Roboto, sans-serif; font-weight: bold; color: rgb(255, 99, 63);\">Les bobines de la ville #4 - L'habitat: entre espace intime et condition sociale <\/h3><\/h2>\t\t<\/div>\n\t\t\t\t<\/div>\n\t\t\t\t<div class=\"elementor-element elementor-element-569c8c5 elementor-widget elementor-widget-text-editor\" data-id=\"569c8c5\" data-element_type=\"widget\" data-widget_type=\"text-editor.default\">\n\t\t\t\t<div class=\"elementor-widget-container\">\n\t\t\t\t\t<div class=\"elementor-text-editor elementor-clearfix\"><div><span style=\"font-family: Roboto, sans-serif; font-size: 14px; font-style: normal; font-variant-ligatures: normal; font-variant-caps: normal; font-weight: 400; text-align: justify;\">Ce court-m\u00e9trage aborde diff\u00e9rentes questions relatives au logement dont les in\u00e9galit\u00e9s qu&#8217;il abrite, les diff\u00e9rentes fa\u00e7ons d&#8217;habiter et le droit au logement pour tou.t.es.<\/span><\/div><div><span style=\"font-family: Roboto, sans-serif; font-size: 14px; font-style: normal; font-variant-ligatures: normal; font-variant-caps: normal; font-weight: 400; text-align: justify;\">\u00a0<\/span><\/div><p><span style=\"font-family: Roboto, sans-serif; font-size: 14px; font-style: normal; font-variant-ligatures: normal; font-variant-caps: normal; font-weight: 400; text-align: justify;\">Il a \u00e9t\u00e9 r\u00e9alis\u00e9 \u00e0 la suite de divers ateliers en 2020 aupr\u00e8s d&#8217;enfants de CM1, CM2 et 5\u00e8me fr\u00e9quentant le centre social Danube Solidarit\u00e9 (Paris 19), d&#8217;un stage avec des coll\u00e9gien.nes de l&#8217;espace Beaujon (Paris 8) et d&#8217;un dernier stage \u00e0 la Fabrik Coop\u00e9rative avec des jeunes du 19e et 20e.<\/span><\/p><\/div>\n\t\t\t\t<\/div>\n\t\t\t\t<\/div>\n\t\t\t\t\t\t<\/div>\n\t\t\t\t\t<\/div>\n\t\t<\/div>\n\t\t\t\t<div class=\"elementor-column elementor-col-50 elementor-top-column elementor-element elementor-element-dc9fd27\" data-id=\"dc9fd27\" data-element_type=\"column\">\n\t\t\t<div class=\"elementor-column-wrap elementor-element-populated\">\n\t\t\t\t\t\t\t<div class=\"elementor-widget-wrap\">\n\t\t\t\t\t\t<div class=\"elementor-element elementor-element-2de4012 elementor-widget elementor-widget-spacer\" data-id=\"2de4012\" data-element_type=\"widget\" data-widget_type=\"spacer.default\">\n\t\t\t\t<div class=\"elementor-widget-container\">\n\t\t\t\t\t<div class=\"elementor-spacer\">\n\t\t\t<div class=\"elementor-spacer-inner\"><\/div>\n\t\t<\/div>\n\t\t\t\t<\/div>\n\t\t\t\t<\/div>\n\t\t\t\t<div class=\"elementor-element elementor-element-656eeaa elementor-aspect-ratio-169 elementor-widget elementor-widget-video\" data-id=\"656eeaa\" data-element_type=\"widget\" data-settings=\"{&quot;aspect_ratio&quot;:&quot;169&quot;}\" data-widget_type=\"video.default\">\n\t\t\t\t<div class=\"elementor-widget-container\">\n\t\t\t\t\t<div class=\"elementor-wrapper elementor-fit-aspect-ratio elementor-open-inline\">\n\t\t\t<iframe class=\"elementor-video-iframe\" allowfullscreen title=\"youtube Video Player\" src=\"https:\/\/www.youtube.com\/embed\/xCIf7jliv8g?feature=oembed&amp;start&amp;end&amp;wmode=opaque&amp;loop=0&amp;controls=1&amp;mute=0&amp;rel=0&amp;modestbranding=0\"><\/iframe>\t\t<\/div>\n\t\t\t\t<\/div>\n\t\t\t\t<\/div>\n\t\t\t\t\t\t<\/div>\n\t\t\t\t\t<\/div>\n\t\t<\/div>\n\t\t\t\t\t\t\t\t<\/div>\n\t\t\t\t\t<\/div>\n\t\t<\/section>\n\t\t\t\t<section class=\"elementor-section elementor-top-section elementor-element elementor-element-6b492af9 elementor-section-boxed elementor-section-height-default elementor-section-height-default\" data-id=\"6b492af9\" data-element_type=\"section\">\n\t\t\t\t\t\t<div class=\"elementor-container elementor-column-gap-default\">\n\t\t\t\t\t\t\t<div class=\"elementor-row\">\n\t\t\t\t\t<div class=\"elementor-column elementor-col-50 elementor-top-column elementor-element elementor-element-60205391\" data-id=\"60205391\" data-element_type=\"column\">\n\t\t\t<div class=\"elementor-column-wrap elementor-element-populated\">\n\t\t\t\t\t\t\t<div class=\"elementor-widget-wrap\">\n\t\t\t\t\t\t<div class=\"elementor-element elementor-element-3b356455 elementor-widget elementor-widget-heading\" data-id=\"3b356455\" data-element_type=\"widget\" data-widget_type=\"heading.default\">\n\t\t\t\t<div class=\"elementor-widget-container\">\n\t\t\t<h3 class=\"elementor-heading-title elementor-size-default\">Les bobines de la ville #3 - Gouvernance urbaine<\/h3>\t\t<\/div>\n\t\t\t\t<\/div>\n\t\t\t\t<div class=\"elementor-element elementor-element-6fa356ad elementor-widget elementor-widget-text-editor\" data-id=\"6fa356ad\" data-element_type=\"widget\" data-widget_type=\"text-editor.default\">\n\t\t\t\t<div class=\"elementor-widget-container\">\n\t\t\t\t\t<div class=\"elementor-text-editor elementor-clearfix\"><p>R\u00e9alis\u00e9 dans le cadre d\u2019un stage avec des adolescent.e.s de 10 \u00e0 15 ans des 19 et 20i\u00e8me arrondissements parisiens, cet \u00e9pisode s\u2019int\u00e9resse \u00e0 la prise en compte des habitant.e.s dans la fabrique de la ville, \u00e0 la d\u00e9mocratie participative et aux diff\u00e9rents dispositifs qui existent.<br \/><br \/>Pour cela, ces jeunes \u00e9quip\u00e9s de cam\u00e9ras et micros ont interrog\u00e9 diff\u00e9rentes personnes travaillant sur cette th\u00e9matique (\u00e9lu, chercheuse, technicien municipal, associations, habitant.e.s, etc).<br \/><br \/><\/p><\/div>\n\t\t\t\t<\/div>\n\t\t\t\t<\/div>\n\t\t\t\t\t\t<\/div>\n\t\t\t\t\t<\/div>\n\t\t<\/div>\n\t\t\t\t<div class=\"elementor-column elementor-col-50 elementor-top-column elementor-element elementor-element-3c780d7a\" data-id=\"3c780d7a\" data-element_type=\"column\">\n\t\t\t<div class=\"elementor-column-wrap elementor-element-populated\">\n\t\t\t\t\t\t\t<div class=\"elementor-widget-wrap\">\n\t\t\t\t\t\t<div class=\"elementor-element elementor-element-286999a8 elementor-widget elementor-widget-spacer\" data-id=\"286999a8\" data-element_type=\"widget\" data-widget_type=\"spacer.default\">\n\t\t\t\t<div class=\"elementor-widget-container\">\n\t\t\t\t\t<div class=\"elementor-spacer\">\n\t\t\t<div class=\"elementor-spacer-inner\"><\/div>\n\t\t<\/div>\n\t\t\t\t<\/div>\n\t\t\t\t<\/div>\n\t\t\t\t<div class=\"elementor-element elementor-element-377174b elementor-aspect-ratio-169 elementor-widget elementor-widget-video\" data-id=\"377174b\" data-element_type=\"widget\" data-settings=\"{&quot;aspect_ratio&quot;:&quot;169&quot;}\" data-widget_type=\"video.default\">\n\t\t\t\t<div class=\"elementor-widget-container\">\n\t\t\t\t\t<div class=\"elementor-wrapper elementor-fit-aspect-ratio elementor-open-inline\">\n\t\t\t<iframe class=\"elementor-video-iframe\" allowfullscreen title=\"youtube Video Player\" src=\"https:\/\/www.youtube.com\/embed\/R_NJHr-K8ck?feature=oembed&amp;start&amp;end&amp;wmode=opaque&amp;loop=0&amp;controls=1&amp;mute=0&amp;rel=0&amp;modestbranding=0\"><\/iframe>\t\t<\/div>\n\t\t\t\t<\/div>\n\t\t\t\t<\/div>\n\t\t\t\t\t\t<\/div>\n\t\t\t\t\t<\/div>\n\t\t<\/div>\n\t\t\t\t\t\t\t\t<\/div>\n\t\t\t\t\t<\/div>\n\t\t<\/section>\n\t\t\t\t<section class=\"elementor-section elementor-top-section elementor-element elementor-element-3faf1d9a elementor-section-boxed elementor-section-height-default elementor-section-height-default\" data-id=\"3faf1d9a\" data-element_type=\"section\">\n\t\t\t\t\t\t<div class=\"elementor-container elementor-column-gap-default\">\n\t\t\t\t\t\t\t<div class=\"elementor-row\">\n\t\t\t\t\t<div class=\"elementor-column elementor-col-50 elementor-top-column elementor-element elementor-element-1d066121\" data-id=\"1d066121\" data-element_type=\"column\">\n\t\t\t<div class=\"elementor-column-wrap elementor-element-populated\">\n\t\t\t\t\t\t\t<div class=\"elementor-widget-wrap\">\n\t\t\t\t\t\t<div class=\"elementor-element elementor-element-3a7c528 elementor-widget elementor-widget-heading\" data-id=\"3a7c528\" data-element_type=\"widget\" data-widget_type=\"heading.default\">\n\t\t\t\t<div class=\"elementor-widget-container\">\n\t\t\t<h3 class=\"elementor-heading-title elementor-size-default\">Les bobines de la ville #2 - Formes urbaines\n<\/h3>\t\t<\/div>\n\t\t\t\t<\/div>\n\t\t\t\t<div class=\"elementor-element elementor-element-880d3af elementor-widget elementor-widget-text-editor\" data-id=\"880d3af\" data-element_type=\"widget\" data-widget_type=\"text-editor.default\">\n\t\t\t\t<div class=\"elementor-widget-container\">\n\t\t\t\t\t<div class=\"elementor-text-editor elementor-clearfix\"><p>R\u00e9alis\u00e9 dans le cadre d\u2019un stage avec des adolescent.e.s de 11 \u00e0 17 ans de l\u2019accueil jeunes Place des F\u00eates (Paris 19) cet \u00e9pisode vise \u00e0 questionner si les formes de nos villes, de nos quartiers influencent nos modes de vie.<br \/><br \/>Pour cela une quinzaine de jeunes \u00e9quip\u00e9s de cam\u00e9ras et micros sont partis \u00e0 la d\u00e9couverte de Garges-l\u00e8s-Gonesse, de Pantin et du 19e arrondissement de Paris. Cette vid\u00e9o retrace leurs questionnements et leurs d\u00e9couvertes sur les mani\u00e8res de se d\u00e9placer, se nourrir et se retrouver dans ces diff\u00e9rents endroits de l\u2019agglom\u00e9ration francilienne.<br \/><br \/><\/p><\/div>\n\t\t\t\t<\/div>\n\t\t\t\t<\/div>\n\t\t\t\t\t\t<\/div>\n\t\t\t\t\t<\/div>\n\t\t<\/div>\n\t\t\t\t<div class=\"elementor-column elementor-col-50 elementor-top-column elementor-element elementor-element-e5e8be8\" data-id=\"e5e8be8\" data-element_type=\"column\">\n\t\t\t<div class=\"elementor-column-wrap elementor-element-populated\">\n\t\t\t\t\t\t\t<div class=\"elementor-widget-wrap\">\n\t\t\t\t\t\t<div class=\"elementor-element elementor-element-60e3cdcd elementor-widget elementor-widget-spacer\" data-id=\"60e3cdcd\" data-element_type=\"widget\" data-widget_type=\"spacer.default\">\n\t\t\t\t<div class=\"elementor-widget-container\">\n\t\t\t\t\t<div class=\"elementor-spacer\">\n\t\t\t<div class=\"elementor-spacer-inner\"><\/div>\n\t\t<\/div>\n\t\t\t\t<\/div>\n\t\t\t\t<\/div>\n\t\t\t\t<div class=\"elementor-element elementor-element-1ed13c6 elementor-aspect-ratio-169 elementor-widget elementor-widget-video\" data-id=\"1ed13c6\" data-element_type=\"widget\" data-settings=\"{&quot;aspect_ratio&quot;:&quot;169&quot;}\" data-widget_type=\"video.default\">\n\t\t\t\t<div class=\"elementor-widget-container\">\n\t\t\t\t\t<div class=\"elementor-wrapper elementor-fit-aspect-ratio elementor-open-inline\">\n\t\t\t<iframe class=\"elementor-video-iframe\" allowfullscreen title=\"youtube Video Player\" src=\"https:\/\/www.youtube.com\/embed\/N9gj2neejDE?feature=oembed&amp;start&amp;end&amp;wmode=opaque&amp;loop=0&amp;controls=1&amp;mute=0&amp;rel=0&amp;modestbranding=0\"><\/iframe>\t\t<\/div>\n\t\t\t\t<\/div>\n\t\t\t\t<\/div>\n\t\t\t\t\t\t<\/div>\n\t\t\t\t\t<\/div>\n\t\t<\/div>\n\t\t\t\t\t\t\t\t<\/div>\n\t\t\t\t\t<\/div>\n\t\t<\/section>\n\t\t\t\t<section class=\"elementor-section elementor-top-section elementor-element elementor-element-6ef48874 elementor-section-boxed elementor-section-height-default elementor-section-height-default\" data-id=\"6ef48874\" data-element_type=\"section\">\n\t\t\t\t\t\t<div class=\"elementor-container elementor-column-gap-default\">\n\t\t\t\t\t\t\t<div class=\"elementor-row\">\n\t\t\t\t\t<div class=\"elementor-column elementor-col-50 elementor-top-column elementor-element elementor-element-11a15b65\" data-id=\"11a15b65\" data-element_type=\"column\">\n\t\t\t<div class=\"elementor-column-wrap elementor-element-populated\">\n\t\t\t\t\t\t\t<div class=\"elementor-widget-wrap\">\n\t\t\t\t\t\t<div class=\"elementor-element elementor-element-6c08fe38 elementor-widget elementor-widget-heading\" data-id=\"6c08fe38\" data-element_type=\"widget\" data-widget_type=\"heading.default\">\n\t\t\t\t<div class=\"elementor-widget-container\">\n\t\t\t<h3 class=\"elementor-heading-title elementor-size-default\">Les bobines de la ville #1 - Fonctions urbaines\n<\/h3>\t\t<\/div>\n\t\t\t\t<\/div>\n\t\t\t\t<div class=\"elementor-element elementor-element-660622d0 elementor-widget elementor-widget-text-editor\" data-id=\"660622d0\" data-element_type=\"widget\" data-widget_type=\"text-editor.default\">\n\t\t\t\t<div class=\"elementor-widget-container\">\n\t\t\t\t\t<div class=\"elementor-text-editor elementor-clearfix\"><p>R\u00e9alis\u00e9 dans le cadre d\u2019ateliers avec des enfants de CM2 et de sixi\u00e8me du 19i\u00e8me arrondissement parisien cet \u00e9pisode donne une d\u00e9finition de ce qu\u2019est une ville et des fonctions urbaines qui la composent. Il donne \u00e9galement \u00e0 voir l\u2019\u00e9volution d\u2019une ville \u00e0 travers diff\u00e9rentes \u00e9poques.<br \/><br \/>Dans une seconde partie en vous baladant dans une ville utopique vous d\u00e9couvrez ce qui compose ses diff\u00e9rents quartiers (logements, commerces, b\u00e2timents publics, espaces publics, transports, etc.). Enfin des usag.\u00e8re.er.s de cette ville (pompier, personne \u00e2g\u00e9e, \u00e9boueur, coursi\u00e8re \u00e0 v\u00e9lo, etc.) vous la pr\u00e9sentent en fonction de leurs besoins et de leurs utilisations.<br \/><br \/><\/p><\/div>\n\t\t\t\t<\/div>\n\t\t\t\t<\/div>\n\t\t\t\t\t\t<\/div>\n\t\t\t\t\t<\/div>\n\t\t<\/div>\n\t\t\t\t<div class=\"elementor-column elementor-col-50 elementor-top-column elementor-element elementor-element-14dfa252\" data-id=\"14dfa252\" data-element_type=\"column\">\n\t\t\t<div class=\"elementor-column-wrap elementor-element-populated\">\n\t\t\t\t\t\t\t<div class=\"elementor-widget-wrap\">\n\t\t\t\t\t\t<div class=\"elementor-element elementor-element-756e6f96 elementor-widget elementor-widget-spacer\" data-id=\"756e6f96\" data-element_type=\"widget\" data-widget_type=\"spacer.default\">\n\t\t\t\t<div class=\"elementor-widget-container\">\n\t\t\t\t\t<div class=\"elementor-spacer\">\n\t\t\t<div class=\"elementor-spacer-inner\"><\/div>\n\t\t<\/div>\n\t\t\t\t<\/div>\n\t\t\t\t<\/div>\n\t\t\t\t<div class=\"elementor-element elementor-element-61fb870 elementor-aspect-ratio-169 elementor-widget elementor-widget-video\" data-id=\"61fb870\" data-element_type=\"widget\" data-settings=\"{&quot;aspect_ratio&quot;:&quot;169&quot;}\" data-widget_type=\"video.default\">\n\t\t\t\t<div class=\"elementor-widget-container\">\n\t\t\t\t\t<div class=\"elementor-wrapper elementor-fit-aspect-ratio elementor-open-inline\">\n\t\t\t<iframe class=\"elementor-video-iframe\" allowfullscreen title=\"youtube Video Player\" src=\"https:\/\/www.youtube.com\/embed\/hygHW_TLOpU?feature=oembed&amp;start&amp;end&amp;wmode=opaque&amp;loop=0&amp;controls=1&amp;mute=0&amp;rel=0&amp;modestbranding=0\"><\/iframe>\t\t<\/div>\n\t\t\t\t<\/div>\n\t\t\t\t<\/div>\n\t\t\t\t\t\t<\/div>\n\t\t\t\t\t<\/div>\n\t\t<\/div>\n\t\t\t\t\t\t\t\t<\/div>\n\t\t\t\t\t<\/div>\n\t\t<\/section>\n\t\t\t\t\t\t<\/div>\n\t\t\t\t\t\t<\/div>\n\t\t\t\t\t<\/div>\n\t\t","protected":false},"excerpt":{"rendered":"<p>Les bobines de la ville Les bobines de la ville ce sont des courts-m\u00e9trages p\u00e9dagogiques autour de probl\u00e9matiques urbaines cr\u00e9\u00e9s avec des habitant.e.s des 19e et 20e arrondissements parisiens. Au cours de la r\u00e9alisation de ces projets, les participant.es rencontrent et recueillent la parole des habitant.es du quartier, s\u2019expriment sur le sujet, en apportant leurs [&hellip;]<\/p>\n","protected":false},"author":1,"featured_media":0,"parent":0,"menu_order":0,"comment_status":"closed","ping_status":"closed","template":"","meta":{"footnotes":""},"_links":{"self":[{"href":"https:\/\/descrisdesvilles.org\/index.php\/wp-json\/wp\/v2\/pages\/41"}],"collection":[{"href":"https:\/\/descrisdesvilles.org\/index.php\/wp-json\/wp\/v2\/pages"}],"about":[{"href":"https:\/\/descrisdesvilles.org\/index.php\/wp-json\/wp\/v2\/types\/page"}],"author":[{"embeddable":true,"href":"https:\/\/descrisdesvilles.org\/index.php\/wp-json\/wp\/v2\/users\/1"}],"replies":[{"embeddable":true,"href":"https:\/\/descrisdesvilles.org\/index.php\/wp-json\/wp\/v2\/comments?post=41"}],"version-history":[{"count":15,"href":"https:\/\/descrisdesvilles.org\/index.php\/wp-json\/wp\/v2\/pages\/41\/revisions"}],"predecessor-version":[{"id":2042,"href":"https:\/\/descrisdesvilles.org\/index.php\/wp-json\/wp\/v2\/pages\/41\/revisions\/2042"}],"wp:attachment":[{"href":"https:\/\/descrisdesvilles.org\/index.php\/wp-json\/wp\/v2\/media?parent=41"}],"curies":[{"name":"wp","href":"https:\/\/api.w.org\/{rel}","templated":true}]}}